{"id":10828,"date":"2011-02-01T18:09:49","date_gmt":"2011-02-01T16:09:49","guid":{"rendered":"http:\/\/www.floracantabrica.com\/?page_id=10828"},"modified":"2011-02-01T18:09:49","modified_gmt":"2011-02-01T16:09:49","slug":"las-plantaciones-no-son-bosques-los-bosques-son-vida","status":"publish","type":"page","link":"http:\/\/www.floracantabrica.com\/?page_id=10828","title":{"rendered":"Las plantaciones no son Bosques-Los Bosques son Vida."},"content":{"rendered":"<p><a href=\"http:\/\/twitter.com\/share?url=http%3A%2F%2Fwww.floracantabrica.com%2F%3Fpage_id%3D10828&amp;count=none&amp;lang=es&amp;via=lorencincoreses&amp;related=Mujerverdosa&amp;text=Las plantaciones no son Bosques-Los Bosques son Vida. - Flora Cant\u00e1brica\" class=\"twitter-share-button\">Tweet<\/a><\/p><p>\u00a0<\/p>\n<p>\u00a0<\/p>\n<p>&#8230;&#8230;&#8230;&#8230;&#8230;&#8230;&#8230;&#8230;&#8230;&#8230;<\/p>\n<p><em><span style=\"font-size: medium;\">Las plantaciones no son Bosques-Los Bosques son Vida<\/span><\/em><\/p>\n<p><span style=\"font-size: medium;\"><em>\u00a0<\/em><\/span><\/p>\n<p><span style=\"font-size: medium;\"><em>Vamos a la tertulia del University College<\/em><\/span><\/p>\n<p><span style=\"font-size: medium;\"><em>\u00a0<\/em><strong>\u00a0<\/strong><\/span><\/p>\n<p><span style=\"font-size: medium;\">EL moderador interviene: Claro que las plantaciones no son bosques, mucha gente lo entiende, pero \u00a0he hablado con algunos agricultores que \u00a0han visto el pino mar\u00edtimo desde que nacieron en el litoral cant\u00e1brico y creen que est\u00e1 all\u00ed de toda la vida, dado que en Espa\u00f1a tenemos pinares aut\u00f3ctonos, como los de Pino silvestre en Lillo( L\u00e9on:Cordillera Cant\u00e1brica).<\/span><\/p>\n<p><span style=\"font-size: medium;\">\u00a0Los eucalipt<\/span><span style=\"font-size: medium;\">os al ser de crecimiento m\u00e1s r\u00e1pido y al hacer su corta cada diez a\u00f1os, es m\u00e1s dif\u00edcil creer su car\u00e1cter natural en la regi\u00f3n.<\/span><\/p>\n<p><span style=\"font-size: medium;\">\u00a0<\/span><\/p>\n<p><span style=\"font-size: medium;\">En Asturias tenemos una gran diversidad de bosques, por su situaci\u00f3n geogr\u00e1fica, pues aunque estemos dentro de un clima atl\u00e1ntico, s\u00e9 deja notar la influencia mediterr\u00e1nea de la meseta castellana por la presencia de alcornoques y encinas.<\/span><\/p>\n<p><span style=\"font-size: medium;\">\u00a0<\/span><\/p>\n<p><span style=\"font-size: medium;\">Interrumpe el primero: no acabo de entender eso de las encinas y los alcornoques en Asturias, pues yo estoy m\u00e1s acostumbrado a ver carvallos casta\u00f1os, abedules y hayas<\/span><\/p>\n<p><span style=\"font-size: medium;\">\u00a0<\/span><\/p>\n<p><span style=\"font-size: medium;\">Le responde el segundo:te falta una base ecol\u00f3gica para entender la distribuci\u00f3n geogr\u00e1fica de los bosques en Asturias. Voy a tratar de explicarte un fen\u00f3meno para que lo entiendas mejor el \u201c<strong>fen\u00f3meno de compensaci\u00f3n ecologica\u00b4<\/strong>\u201d Las plantas son mucho m\u00e1s\u201d inteligentes\u201d de lo que pensamos; cuando la encina, especie mediterr\u00e1nea, cruz\u00f3 la Cant\u00e1brica y lleg\u00f3 a Asturias, se asust\u00f3, y dijo \u00a1 si lo se no vengo \u00a1, al ver la frondosidad de los bosques de carvallos, abedules y casta\u00f1os con los que no pod\u00eda competir. Pero entonces dijo, a mi lo que me hace da\u00f1o es este encharcamiento de Asturias y no tengo m\u00e1s alternativa que subir a las laderas escarpadas, que al no retener la humedad, est\u00e1n secas ,pero adem\u00e1s no me valen todas \u00a0tienen que ser soleadas y orientadas al sur.Y as\u00ed fue, los magn\u00edficos encinares que tenemos por ejemplo en Teverga nos dan la impresi\u00f3n que est\u00e1n colgados sobre la roca desnuda. Por eso se dice en libro de de Asturias ,1970 (Paisaje asturiano de Mat\u00edas Mayor).\u201d<em>que la encina no se resign\u00f3 a huir\u00a0 a Castilla , sino que se refugi\u00f3 en las crestas de las monta\u00f1as en espera de un momento hist\u00f3rico favorable que le permitiera contemplar el oc\u00e9ano\u201d.<\/em><\/span><\/p>\n<p><span style=\"font-size: medium;\">\u00a0<\/span><\/p>\n<p><strong><em><span style=\"font-size: medium;\">\u00a0<\/span><\/em><\/strong><\/p>\n<p><strong><em><span style=\"font-size: medium;\">\u00a0&#8230;&#8230;&#8230;&#8230;&#8230;&#8230;&#8230;&#8230;&#8230;&#8230;&#8230;&#8230;&#8230;&#8230;..<\/span><\/em><\/strong><\/p>\n<p><strong><em><span style=\"font-size: medium;\">&#8230;&#8230;&#8230;&#8230;&#8230;&#8230;&#8230;&#8230;&#8230;&#8230;&#8230;&#8230;&#8230;<\/span><\/em><\/strong><\/p>\n<p><strong><em><span style=\"font-size: medium;\"><a href=\"http:\/\/www.floracantabrica.com\/wp-content\/uploads\/2011\/02\/image002.jpg\"><img loading=\"lazy\" decoding=\"async\" title=\"image002\" src=\"http:\/\/www.floracantabrica.com\/wp-content\/uploads\/2011\/02\/image002.jpg\" alt=\"image002\" width=\"567\" height=\"789\" \/><\/a><\/span><\/em><\/strong><\/p>\n<p><strong><em><span style=\"font-size: medium;\">&#8230;&#8230;&#8230;&#8230;&#8230;&#8230;&#8230;&#8230;&#8230;&#8230;.<\/span><\/em><\/strong><\/p>\n<p><strong><em><span style=\"font-size: medium;\">&#8230;&#8230;&#8230;&#8230;&#8230;&#8230;&#8230;&#8230;&#8230;&#8230;.<\/span><\/em><\/strong><\/p>\n<p><strong><em><span style=\"font-size: medium;\">Carduncellus hispanicus Flora of the Spain<\/span><\/em><\/strong><\/p>\n<p><strong><em><span style=\"font-size: medium;\">&#8230;&#8230;&#8230;&#8230;&#8230;&#8230;&#8230;&#8230;&#8230;&#8230;&#8230;&#8230;&#8230;&#8230;&#8230;&#8230;&#8230;&#8230;&#8230;&#8230;.<\/span><\/em><\/strong><\/p>\n<p><strong><em><span style=\"font-size: medium;\">\u00a0<\/span><\/em><\/strong><\/p>\n<p><span style=\"font-size: medium;\">Simone Lovera, directora ejecutiva de la<strong><em> <\/em><\/strong><em>Coalici\u00f3n Mundial por los Bosques<\/em> , denunci\u00f3 que bajo la apariencia de mitigaci\u00f3n de cambio clim\u00e1tico, muchos gobiernos, especialmente en el Norte, est\u00e1n promoviendo \u00a0la expansi\u00f3n de agrocombustibles y \u2018bioenerg\u00eda\u2019 industrial basada en la madera<\/span><\/p>\n<p><span style=\"font-size: medium;\"><strong><em>\u00a0<\/em><\/strong><\/span><\/p>\n<p><span style=\"font-size: medium;\">Un reciente reportaje de la coalici\u00f3n titulado \u201cLa ra\u00edz del problema\u201d demuestra que estas pol\u00edticas son las principales causantes de la deforestaci\u00f3n y la degradaci\u00f3n de bosques ya que hacen que la demanda por madera y territorios aumente, y disparan el reemplazo de bosques por monocultivos de \u00e1rboles.<\/span><\/p>\n<p><span style=\"font-size: medium;\">\u00a0<\/span><\/p>\n<p><span style=\"font-size: medium;\">Estas plantaciones son enga\u00f1osamente definidas como bosques en el acuerdo clim\u00e1tico de Canc\u00fan; dicha designaci\u00f3n socava el objetivo de proteger los bosques realmente, seg\u00fan los cr\u00edticos y las comunidades que habitan los bosques<\/span><\/p>\n<p><span style=\"font-size: medium;\">\u00a0<\/span><\/p>\n<p><span style=\"font-size: medium;\">Andrey Laletin de Amigos de los Bosques Siberianos-Rusia y moderador del grupo de Coordinaci\u00f3n de la GFC (<strong><em>Global Forest Coalition<\/em><\/strong> agreg\u00f3 que \u201cmercantilizar los bosques a trav\u00e9s de mercados de compensaci\u00f3n de carbono no salvar\u00e1 ning\u00fan bosque desde que los principales causantes de la p\u00e9rdida de bosques no sean tratados adecuadamente\u201d.<\/span><\/p>\n<p><span style=\"font-size: medium;\">\u00a0<\/span><\/p>\n<p><span style=\"font-size: medium;\">El REDD \u2013reducci\u00f3n de emisiones producidas por la deforestaci\u00f3n y la degradaci\u00f3n forestal en los pa\u00edses en desarrollo\u2013 es un mecanismo que se ha propuesto para mitigar el cambio clim\u00e1tico, el cual busca reducir las emisiones de gases de invernadero mediante el pago a las naciones en desarrollo para que detengan la tala de sus bosques.<\/span><\/p>\n<p><span style=\"font-size: medium;\">\u00a0<\/span><\/p>\n<p><span style=\"font-size: medium;\">El Plan de Acci\u00f3n de Bali en diciembre de 2007, el cual llamaba a \u201cinstrumentar pol\u00edticas e incentivos positivos sobre los temas relacionados con la reducci\u00f3n de emisiones producidas por la deforestaci\u00f3n y la degradaci\u00f3n forestal en los pa\u00edses en desarrollo [REDD] y, sobre el papel de la conservaci\u00f3n, el manejo sustentable de los bosques y el mejoramiento del almacenamiento de carbono forestal en esas naciones\u201d.<\/span><\/p>\n<p><span style=\"font-size: medium;\">\u00a0<\/span><\/p>\n<p><span style=\"font-size: medium;\">Por su parte Hubertus Samangun, de la Alianza Internacional de Pueblos Ind\u00edgenas y Tribales de los Bosques Tropicales afirm\u00f3 a pesar de las pol\u00edticas y proyectos de REDD+ que se ejecutan en Indonesia \u201clos bosques en mi isla natal Yamdena siguen estando amenazados por una concesi\u00f3n de tala masiva\u201d.<\/span><\/p>\n<p><span style=\"font-size: medium;\">\u00a0<\/span><\/p>\n<p><span style=\"font-size: medium;\">\u201cREDD+ ha demostrado no s\u00f3lo ser inefectivo, sino que tambi\u00e9n ha afectado los derechos de los pueblos ind\u00edgenas al mercantilizar su bosque y sus territorios para que la corporaci\u00f3n se lucre con ellos\u201d\u00a0<\/span><\/p>\n<p><span style=\"font-size: medium;\">\u00a0<\/span><\/p>\n<p><span style=\"font-size: medium;\">\u00a0<\/span><span style=\"font-size: medium;\">\u00a0<\/span><span style=\"font-size: medium;\">El Programa de las Naciones Unidas para la Reducci\u00f3n de las Emisiones Derivadas de la Deforestaci\u00f3n y la Degradaci\u00f3n Forestal en los Pa\u00edses en Desarrollo (UN-REDD) pretende reducir esta cifra atribuyendo a los bosques un valor monetario basado en su capacidad de almacenar carbono, y conseguir as\u00ed la reducci\u00f3n de la emisi\u00f3n de gases de efecto invernadero. Asimismo, REDD puede conseguir que, a la larga, los pa\u00edses desarrollados paguen a los pa\u00edses en desarrollo para que reduzcan las emisiones derivadas de la deforestaci\u00f3n y la degradaci\u00f3n forestal.<\/span><\/p>\n<p><span style=\"font-size: medium;\">\u00a0<\/span><\/p>\n<p><span style=\"font-size: medium;\">Seg\u00fan una nota de prensa del PNUMA, \u00abel Programa UN-REDD tiene como objetivo equilibrar el balance econ\u00f3mico en favor de la gesti\u00f3n sostenible de los bosques con el fin de que los bienes y servicios econ\u00f3micos, medioambientales y sociales que proveen beneficien a los pa\u00edses, las comunidades y los usuarios de los bosques, contribuyendo al mismo tiempo a una importante reducci\u00f3n de las emisiones de gases de efecto invernadero\u00bb.<\/span><\/p>\n<p><span style=\"font-size: medium;\">\u00a0<\/span><\/p>\n<p><span style=\"font-size: medium;\">Los pueblos ind\u00edgenas y otros observadores tambi\u00e9n han expresado su preocupaci\u00f3n por los posibles efectos negativos. Si se atribuye un valor monetario a los bosques de acuerdo con los planes de REDD, muchos temen que \u2013 en lugares donde los derechos de propiedad territorial no est\u00e1n bien definidos y la toma de decisiones se sigue basando en un orden jer\u00e1rquico \u2013 surjan nuevos conflictos entre las comunidades ind\u00edgenas y locales, y entre ellas y el estado.<\/span><\/p>\n<p>\u00a0<\/p>\n<p><span style=\"font-size: medium;\">Los mecanismos REDD podr\u00edan excluir a las poblaciones locales de los procesos de aplicaci\u00f3n y reparto de los beneficios, e incluso hasta expulsarlos de sus propios territorios. \u00abEl aumento del valor monetario atribuido a los recursos forestales actuales y al crecimiento forestal abre la puerta a la corrupci\u00f3n en pa\u00edses donde \u00e9sta ya abunda. La planificaci\u00f3n centralizada, \u00a0en virtud de la cual el gobierno nacional crea planes, recibe pagos y distribuye los nuevos fondos, solo sirve para agravar la marginalizaci\u00f3n de los pueblos de los bosques \u00bb.<\/span><\/p>\n<p><span style=\"font-size: medium;\">\u00a0&#8230;&#8230;&#8230;&#8230;&#8230;&#8230;&#8230;&#8230;&#8230;&#8230;&#8230;&#8230;&#8230;&#8230;&#8230;&#8230;&#8230;&#8230;<\/span><\/p>\n<p><span style=\"font-size: medium;\">&#8230;&#8230;&#8230;&#8230;&#8230;&#8230;&#8230;&#8230;&#8230;&#8230;&#8230;&#8230;&#8230;<\/span><\/p>\n","protected":false},"excerpt":{"rendered":"<p>Tweet\u00a0 \u00a0 &#8230;&#8230;&#8230;&#8230;&#8230;&#8230;&#8230;&#8230;&#8230;&#8230; Las plantaciones no son Bosques-Los Bosques son Vida \u00a0 Vamos a la tertulia del University College \u00a0\u00a0 EL moderador interviene: Claro que las plantaciones no son bosques, mucha gente lo entiende, pero \u00a0he hablado con algunos agricultores que \u00a0han visto el pino mar\u00edtimo desde que nacieron en el litoral cant\u00e1brico y creen [&hellip;]<\/p>\n","protected":false},"author":1,"featured_media":0,"parent":0,"menu_order":0,"comment_status":"open","ping_status":"open","template":"","meta":{"footnotes":""},"class_list":["post-10828","page","type-page","status-publish","hentry"],"_links":{"self":[{"href":"http:\/\/www.floracantabrica.com\/index.php?rest_route=\/wp\/v2\/pages\/10828","targetHints":{"allow":["GET"]}}],"collection":[{"href":"http:\/\/www.floracantabrica.com\/index.php?rest_route=\/wp\/v2\/pages"}],"about":[{"href":"http:\/\/www.floracantabrica.com\/index.php?rest_route=\/wp\/v2\/types\/page"}],"author":[{"embeddable":true,"href":"http:\/\/www.floracantabrica.com\/index.php?rest_route=\/wp\/v2\/users\/1"}],"replies":[{"embeddable":true,"href":"http:\/\/www.floracantabrica.com\/index.php?rest_route=%2Fwp%2Fv2%2Fcomments&post=10828"}],"version-history":[{"count":3,"href":"http:\/\/www.floracantabrica.com\/index.php?rest_route=\/wp\/v2\/pages\/10828\/revisions"}],"predecessor-version":[{"id":10831,"href":"http:\/\/www.floracantabrica.com\/index.php?rest_route=\/wp\/v2\/pages\/10828\/revisions\/10831"}],"wp:attachment":[{"href":"http:\/\/www.floracantabrica.com\/index.php?rest_route=%2Fwp%2Fv2%2Fmedia&parent=10828"}],"curies":[{"name":"wp","href":"https:\/\/api.w.org\/{rel}","templated":true}]}}